{"id":979,"date":"2023-09-22T17:23:44","date_gmt":"2023-09-22T15:23:44","guid":{"rendered":"https:\/\/betarq.com\/estudi\/"},"modified":"2026-04-20T09:56:47","modified_gmt":"2026-04-20T07:56:47","slug":"estudio","status":"publish","type":"page","link":"https:\/\/betarq.com\/es\/estudio\/","title":{"rendered":"Estudio"},"content":{"rendered":"<div class=\"wpb-content-wrapper\"><p>[vc_row el_class=\u00bbheaderimagen\u00bb css=\u00bb.vc_custom_1775646967640{background-image: url(https:\/\/betarq.com\/wp-content\/uploads\/2026\/04\/Image-73-nueva.png?id=5323) !important;background-position: center !important;background-repeat: no-repeat !important;background-size: cover !important;border-radius: 3px !important;}\u00bb][vc_column][vc_column_text css=\u00bb.vc_custom_1767011322675{margin-bottom: 15px !important;}\u00bb][\/vc_column_text][\/vc_column][\/vc_row][vc_row][vc_column][vc_column_text css=\u00bb.vc_custom_1771322228704{margin-bottom: 15px !important;}\u00bb]<strong>Filosof\u00eda<\/strong>[\/vc_column_text][vc_row_inner][vc_column_inner width=\u00bb1\/2&#8243;][vc_column_text css=\u00bb\u00bb]<\/p>\n<p data-start=\"106\" data-end=\"413\"><strong data-start=\"106\" data-end=\"122\">Betarq Group<\/strong> es un despacho de arquitectos y arquitectos t\u00e9cnicos con sede en Barcelona, fundado en 2005 por Julio L\u00f3pez Fern\u00e1ndez, Ramon Cisa Segal\u00e9s y Sergi Barquet Pons. Est\u00e1 especializado en proyectos, direcciones de obra, direcciones de ejecuci\u00f3n y direcci\u00f3n integrada (Project Management) en el \u00e1mbito de la edificaci\u00f3n.<\/p>\n<p data-start=\"415\" data-end=\"911\">El estudio cuenta con una s\u00f3lida experiencia en edificios singulares, tanto p\u00fablicos como privados, y en una amplia diversidad de usos. Afronta cada proyecto sin renuncias, con la convicci\u00f3n de que en el ejercicio de proyectar y dirigir arquitectura no existe mayor especializaci\u00f3n que la pasi\u00f3n y la profesionalidad. Betarq Group mantiene un firme compromiso con la sostenibilidad, la innovaci\u00f3n, la rehabilitaci\u00f3n, el aprendizaje continuo y la incorporaci\u00f3n de nuevas herramientas tecnol\u00f3gicas.<\/p>\n<p data-start=\"913\" data-end=\"1313\">Betarq es, ante todo, un equipo humano comprometido y profesional, que vive la arquitectura con rigor y entusiasmo. Cree firmemente en la paridad de g\u00e9nero y en la diversidad generacional como valores imprescindibles para seguir creciendo y aportar valor al sector. Un equipo que ha sido reconocido con diversos premios y distinciones, que no hacen sino reforzar su motivaci\u00f3n y proyecci\u00f3n de futuro.<\/p>\n<p>[\/vc_column_text][\/vc_column_inner][vc_column_inner width=\u00bb1\/2&#8243;][vc_column_text css=\u00bb\u00bb]<\/p>\n<p data-start=\"102\" data-end=\"443\">Betarq puede presumir de haber intervenido en proyectos y direcciones de obra de reconocido prestigio, como el nuevo Spotify Camp Nou, la reforma del Hotel Juan Carlos I, la Biblioteca P\u00fablica del Estado en Barcelona, el Hospital Sant Joan de D\u00e9u de Sant Boi, el Centre de Medicina Comparada a Can Ruti o l\u2019escola de disseny LCI Barcelona.<\/p>\n<p data-start=\"102\" data-end=\"443\">Tambi\u00e9n ha participado en edificios singulares, como el primer edificio plurifamiliar de viviendas realizado con entramado ligero de madera del Estado, o el primer edificio de oficinas construido \u00edntegramente en madera. Cuenta con una amplia experiencia en grandes edificios residenciales promovidos por Culmia, AQ Acentor, Altamira y Criteria, as\u00ed como para organismos p\u00fablicos como el Impsol.<\/p>\n<p data-start=\"843\" data-end=\"1467\">El estudio ha desarrollado proyectos de otros usos, como el Tanatorio de Sants, la rehabilitaci\u00f3n y ampliaci\u00f3n del Castillo de Cap Roig, o centros culturales como La Lira de Sant Andreu y el Centro Sociocultural de Alella. Asimismo, ha intervenido en edificios de oficinas como el Campus Roche Diagn\u00f3sticos, el edificio Wittywood o la nave industrial y oficinas para Riera Nadeu; en rehabilitaciones de car\u00e1cter patrimonial como la reforma de la Casa Alesan en Barcelona; en equipamientos deportivos como el Club Nataci\u00f3 Sabadell; y en diversos hoteles, entre ellos el Hotel Diagonal, The Wittmore y el citado Juan Carlos I.<\/p>\n<p data-start=\"1469\" data-end=\"1743\">En el \u00e1mbito p\u00fablico, destacan proyectos como el edificio La F\u00e1brica del Sol \u2014referente en sostenibilidad\u2014, la incubadora de empresas del Estadio Ol\u00edmpico, diversos pabellones del Zoo de Barcelona, aparcamientos municipales y el proyecto de reforma de la Estaci\u00f3 del Nord<\/p>\n<p>[\/vc_column_text][\/vc_column_inner][\/vc_row_inner][\/vc_column][\/vc_row][vc_row][vc_column][vc_column_text css=\u00bb.vc_custom_1771320708799{margin-bottom: 15px !important;}\u00bb]<strong>Socios fundadores<\/strong>[\/vc_column_text][vc_row_inner][vc_column_inner width=\u00bb1\/3&#8243;][vc_single_image image=\u00bb1541&#8243; img_size=\u00bbfull\u00bb alignment=\u00bbcenter\u00bb css=\u00bb.vc_custom_1700475019329{margin-bottom: 5px !important;}\u00bb][vc_column_text css=\u00bb\u00bb]Julio L\u00f3pez Fern\u00e1ndez[\/vc_column_text][\/vc_column_inner][vc_column_inner width=\u00bb1\/3&#8243;][vc_single_image image=\u00bb1468&#8243; img_size=\u00bbfull\u00bb alignment=\u00bbcenter\u00bb css=\u00bb.vc_custom_1700470132672{margin-bottom: 5px !important;}\u00bb][vc_column_text css=\u00bb\u00bb]Ramon Cisa Segal\u00e9s[\/vc_column_text][\/vc_column_inner][vc_column_inner width=\u00bb1\/3&#8243;][vc_single_image image=\u00bb1474&#8243; img_size=\u00bbfull\u00bb alignment=\u00bbcenter\u00bb css=\u00bb.vc_custom_1700470170920{margin-bottom: 5px !important;}\u00bb][vc_column_text css=\u00bb\u00bb]Sergi Barquet Pons[\/vc_column_text][\/vc_column_inner][\/vc_row_inner][\/vc_column][\/vc_row][vc_row][vc_column][vc_column_text css=\u00bb.vc_custom_1771320717735{margin-bottom: 15px !important;}\u00bb]<strong>Equipo<\/strong>[\/vc_column_text][vc_row_inner][vc_column_inner width=\u00bb1\/4&#8243;][vc_single_image image=\u00bb4757&#8243; img_size=\u00bbfull\u00bb alignment=\u00bbcenter\u00bb css=\u00bb.vc_custom_1767783068520{margin-bottom: 5px !important;}\u00bb][vc_column_text css=\u00bb\u00bb]Joan Sirvent de Febrer[\/vc_column_text][\/vc_column_inner][vc_column_inner width=\u00bb1\/4&#8243;][vc_single_image image=\u00bb1498&#8243; img_size=\u00bbfull\u00bb alignment=\u00bbcenter\u00bb css=\u00bb.vc_custom_1760893357802{margin-bottom: 5px !important;}\u00bb el_class=\u00bbequip\u00bb][vc_column_text css=\u00bb\u00bb]Armand Piqueras Pons[\/vc_column_text][\/vc_column_inner][vc_column_inner width=\u00bb1\/4&#8243;][vc_single_image image=\u00bb4703&#8243; img_size=\u00bbfull\u00bb alignment=\u00bbcenter\u00bb css=\u00bb.vc_custom_1767011864264{margin-bottom: 5px !important;}\u00bb][vc_column_text css=\u00bb\u00bb]Victor Susagna Holgado[\/vc_column_text][\/vc_column_inner][vc_column_inner width=\u00bb1\/4&#8243;][vc_single_image image=\u00bb4760&#8243; img_size=\u00bbfull\u00bb alignment=\u00bbcenter\u00bb css=\u00bb.vc_custom_1767783048142{margin-bottom: 5px !important;}\u00bb][vc_column_text css=\u00bb\u00bb]Ada Valls Solomando[\/vc_column_text][\/vc_column_inner][\/vc_row_inner][vc_row_inner][vc_column_inner width=\u00bb1\/4&#8243;][vc_single_image image=\u00bb4782&#8243; img_size=\u00bbfull\u00bb alignment=\u00bbcenter\u00bb css=\u00bb.vc_custom_1768577728814{margin-bottom: 5px !important;}\u00bb][vc_column_text css=\u00bb\u00bb]Oscar Prieto L\u00f3pez[\/vc_column_text][\/vc_column_inner][vc_column_inner width=\u00bb1\/4&#8243;][vc_single_image image=\u00bb1492&#8243; img_size=\u00bbfull\u00bb alignment=\u00bbcenter\u00bb css=\u00bb.vc_custom_1700471501072{margin-bottom: 5px !important;}\u00bb el_class=\u00bbequip\u00bb][vc_column_text css=\u00bb\u00bb]Albert Serra Sanchez[\/vc_column_text][\/vc_column_inner][vc_column_inner width=\u00bb1\/4&#8243;][vc_single_image image=\u00bb4745&#8243; img_size=\u00bbfull\u00bb alignment=\u00bbcenter\u00bb css=\u00bb.vc_custom_1767783089648{margin-bottom: 5px !important;}\u00bb][vc_column_text css=\u00bb\u00bb]Joan Vacas Gil[\/vc_column_text][\/vc_column_inner][vc_column_inner width=\u00bb1\/4&#8243;][vc_single_image image=\u00bb5130&#8243; img_size=\u00bbfull\u00bb alignment=\u00bbcenter\u00bb css=\u00bb.vc_custom_1776671694442{margin-bottom: 5px !important;}\u00bb][vc_column_text css=\u00bb\u00bb]Sergi Artigas Blasco[\/vc_column_text][\/vc_column_inner][\/vc_row_inner][vc_row_inner][vc_column_inner width=\u00bb1\/4&#8243;][vc_single_image image=\u00bb4709&#8243; img_size=\u00bbfull\u00bb alignment=\u00bbcenter\u00bb css=\u00bb.vc_custom_1767785001355{margin-bottom: 5px !important;}\u00bb][vc_column_text css=\u00bb\u00bb]Biel Bosch Pastor[\/vc_column_text][vc_column_text css=\u00bb\u00bb][\/vc_column_text][\/vc_column_inner][vc_column_inner width=\u00bb1\/4&#8243;][vc_single_image image=\u00bb1465&#8243; img_size=\u00bbfull\u00bb alignment=\u00bbcenter\u00bb css=\u00bb.vc_custom_1700471233725{margin-bottom: 5px !important;}\u00bb][vc_column_text css=\u00bb\u00bb]Laura Esteban Solaz[\/vc_column_text][\/vc_column_inner][vc_column_inner width=\u00bb1\/4&#8243;][vc_single_image image=\u00bb4712&#8243; img_size=\u00bbfull\u00bb alignment=\u00bbcenter\u00bb css=\u00bb.vc_custom_1768577900310{margin-bottom: 5px !important;}\u00bb][vc_column_text css=\u00bb\u00bb]David Sauret Santana[\/vc_column_text][\/vc_column_inner][vc_column_inner width=\u00bb1\/4&#8243;][vc_single_image image=\u00bb4742&#8243; img_size=\u00bbfull\u00bb alignment=\u00bbcenter\u00bb css=\u00bb.vc_custom_1767783102570{margin-bottom: 5px !important;}\u00bb][vc_column_text css=\u00bb\u00bb]<span class=\"cf0\">Jiahui Wang<\/span><!--EndFragment -->[\/vc_column_text][\/vc_column_inner][\/vc_row_inner][vc_row_inner][vc_column_inner width=\u00bb1\/4&#8243;][vc_single_image image=\u00bb4748&#8243; img_size=\u00bbfull\u00bb alignment=\u00bbcenter\u00bb css=\u00bb.vc_custom_1767783324089{margin-bottom: 5px !important;}\u00bb][vc_column_text css=\u00bb\u00bb]Sergi Beneyto Galimany[\/vc_column_text][\/vc_column_inner][vc_column_inner width=\u00bb1\/4&#8243;][vc_single_image image=\u00bb4694&#8243; img_size=\u00bbfull\u00bb alignment=\u00bbcenter\u00bb css=\u00bb.vc_custom_1767012129177{margin-bottom: 5px !important;}\u00bb][vc_column_text css=\u00bb\u00bb]Maria Perati Sole[\/vc_column_text][\/vc_column_inner][vc_column_inner width=\u00bb1\/4&#8243;][vc_single_image image=\u00bb5178&#8243; img_size=\u00bbfull\u00bb alignment=\u00bbcenter\u00bb css=\u00bb.vc_custom_1773232908701{margin-bottom: 5px !important;}\u00bb][vc_column_text css=\u00bb\u00bb]Xavier Pons Orriols[\/vc_column_text][\/vc_column_inner][vc_column_inner width=\u00bb1\/4&#8243;][vc_single_image image=\u00bb4754&#8243; img_size=\u00bbfull\u00bb alignment=\u00bbcenter\u00bb css=\u00bb.vc_custom_1767783119401{margin-bottom: 5px !important;}\u00bb][vc_column_text css=\u00bb\u00bb]Iv\u00e1n Romero Zafra[\/vc_column_text][\/vc_column_inner][\/vc_row_inner][vc_row_inner][vc_column_inner width=\u00bb1\/4&#8243;][vc_single_image image=\u00bb4706&#8243; img_size=\u00bbfull\u00bb alignment=\u00bbcenter\u00bb css=\u00bb.vc_custom_1767012105239{margin-bottom: 5px !important;}\u00bb][vc_column_text css=\u00bb\u00bb]J\u00falia Galindo Figuerola[\/vc_column_text][\/vc_column_inner][vc_column_inner width=\u00bb1\/4&#8243;][vc_single_image image=\u00bb4955&#8243; img_size=\u00bbfull\u00bb alignment=\u00bbcenter\u00bb css=\u00bb.vc_custom_1771320223115{margin-bottom: 5px !important;}\u00bb][vc_column_text css=\u00bb\u00bb]\u00c0lex Murciano Blanco[\/vc_column_text][\/vc_column_inner][vc_column_inner width=\u00bb1\/4&#8243;][vc_single_image image=\u00bb1471&#8243; img_size=\u00bbfull\u00bb alignment=\u00bbcenter\u00bb css=\u00bb.vc_custom_1700471266166{margin-bottom: 5px !important;}\u00bb][vc_column_text css=\u00bb\u00bb]Roser Vilar Bonet[\/vc_column_text][\/vc_column_inner][vc_column_inner width=\u00bb1\/4&#8243;][vc_single_image image=\u00bb4952&#8243; img_size=\u00bbfull\u00bb alignment=\u00bbcenter\u00bb css=\u00bb.vc_custom_1771320308446{margin-bottom: 5px !important;}\u00bb][vc_column_text css=\u00bb\u00bb]Sofia Ram\u00e9s Oliva[\/vc_column_text][\/vc_column_inner][\/vc_row_inner][\/vc_column][\/vc_row][vc_row][vc_column][vc_empty_space height=\u00bb45px\u00bb][\/vc_column][\/vc_row][vc_row][vc_column][vc_column_text css=\u00bb.vc_custom_1771322628592{margin-bottom: 25px !important;}\u00bb]<strong>CONTACTO<\/strong>[\/vc_column_text][vc_row_inner][vc_column_inner][vc_single_image image=\u00bb545&#8243; img_size=\u00bbfull\u00bb css=\u00bb.vc_custom_1698304774836{margin-bottom: 0px !important;}\u00bb][vc_column_text css=\u00bb.vc_custom_1698305077178{margin-bottom: 25px !important;}\u00bb]Betarq Group<br \/>\nC\/ Proven\u00e7a, 293, 2a Pl<br \/>\n08037 Barcelona<br \/>\nTel: <a href=\"tel:930160116\">930 160 116<\/a><br \/>\n<a href=\"mailto:info@betarq.com\">info@betarq.com<\/a>[\/vc_column_text][vc_single_image image=\u00bb617&#8243; img_size=\u00bbfull\u00bb onclick=\u00bbcustom_link\u00bb img_link_target=\u00bb_blank\u00bb css=\u00bb.vc_custom_1698305087218{margin-bottom: 25px !important;}\u00bb image_hovers=\u00bbfalse\u00bb link=\u00bbhttps:\/\/gbce.es\/\u00bb el_class=\u00bbmaspequelogo\u00bb][vc_single_image image=\u00bb615&#8243; img_size=\u00bbfull\u00bb onclick=\u00bbcustom_link\u00bb img_link_target=\u00bb_blank\u00bb css=\u00bb.vc_custom_1698305095514{margin-bottom: 25px !important;}\u00bb image_hovers=\u00bbfalse\u00bb link=\u00bbhttps:\/\/cambraprofessional.org\/\u00bb el_class=\u00bbmaspequelogo\u00bb][\/vc_column_inner][\/vc_row_inner][\/vc_column][\/vc_row]<\/p>\n<\/div>","protected":false},"excerpt":{"rendered":"<p>[vc_row el_class=\u00bbheaderimagen\u00bb css=\u00bb.vc_custom_1775646967640{background-image: url(https:\/\/betarq.com\/wp-content\/uploads\/2026\/04\/Image-73-nueva.png?id=5323) !important;background-position: center !important;background-repeat: no-repeat !important;background-size: cover !important;border-radius: 3px !important;}\u00bb][vc_column][vc_column_text css=\u00bb.vc_custom_1767011322675{margin-bottom: 15px !important;}\u00bb][\/vc_column_text][\/vc_column][\/vc_row][vc_row][vc_column][vc_column_text css=\u00bb.vc_custom_1771322228704{margin-bottom: 15px !important;}\u00bb]Filosof\u00eda[\/vc_column_text][vc_row_inner][vc_column_inner width=\u00bb1\/2&#8243;][vc_column_text css=\u00bb\u00bb] Betarq Group es un despacho de arquitectos y arquitectos t\u00e9cnicos con sede en Barcelona, fundado en 2005 por Julio L\u00f3pez Fern\u00e1ndez, Ramon Cisa Segal\u00e9s y Sergi Barquet Pons. Est\u00e1 especializado en proyectos, direcciones de&hellip;<\/p>\n","protected":false},"author":1,"featured_media":0,"parent":0,"menu_order":0,"comment_status":"closed","ping_status":"closed","template":"","meta":{"_acf_changed":false,"inline_featured_image":false,"_monsterinsights_skip_tracking":false,"_monsterinsights_sitenote_active":false,"_monsterinsights_sitenote_note":"","_monsterinsights_sitenote_category":0,"footnotes":""},"class_list":["post-979","page","type-page","status-publish","hentry","description-off"],"acf":[],"yoast_head":"<!-- This site is optimized with the Yoast SEO plugin v27.1.1 - https:\/\/yoast.com\/product\/yoast-seo-wordpress\/ -->\n<title>Estudio - Betarq<\/title>\n<meta name=\"robots\" content=\"index, follow, max-snippet:-1, max-image-preview:large, max-video-preview:-1\" \/>\n<link rel=\"canonical\" href=\"https:\/\/betarq.com\/es\/estudio\/\" \/>\n<meta property=\"og:locale\" content=\"es_ES\" \/>\n<meta property=\"og:type\" content=\"article\" \/>\n<meta property=\"og:title\" content=\"Estudio - Betarq\" \/>\n<meta property=\"og:description\" content=\"[vc_row el_class=\u00bbheaderimagen\u00bb css=\u00bb.vc_custom_1775646967640{background-image: url(https:\/\/betarq.com\/wp-content\/uploads\/2026\/04\/Image-73-nueva.png?id=5323) !important;background-position: center !important;background-repeat: no-repeat !important;background-size: cover !important;border-radius: 3px !important;}\u00bb][vc_column][vc_column_text css=\u00bb.vc_custom_1767011322675{margin-bottom: 15px !important;}\u00bb][\/vc_column_text][\/vc_column][\/vc_row][vc_row][vc_column][vc_column_text css=\u00bb.vc_custom_1771322228704{margin-bottom: 15px !important;}\u00bb]Filosof\u00eda[\/vc_column_text][vc_row_inner][vc_column_inner width=\u00bb1\/2&#8243;][vc_column_text css=\u00bb\u00bb] Betarq Group es un despacho de arquitectos y arquitectos t\u00e9cnicos con sede en Barcelona, fundado en 2005 por Julio L\u00f3pez Fern\u00e1ndez, Ramon Cisa Segal\u00e9s y Sergi Barquet Pons. Est\u00e1 especializado en proyectos, direcciones de&hellip;\" \/>\n<meta property=\"og:url\" content=\"https:\/\/betarq.com\/es\/estudio\/\" \/>\n<meta property=\"og:site_name\" content=\"Betarq\" \/>\n<meta property=\"article:modified_time\" content=\"2026-04-20T07:56:47+00:00\" \/>\n<meta name=\"twitter:card\" content=\"summary_large_image\" \/>\n<meta name=\"twitter:label1\" content=\"Tiempo de lectura\" \/>\n\t<meta name=\"twitter:data1\" content=\"4 minutos\" \/>\n<script type=\"application\/ld+json\" class=\"yoast-schema-graph\">{\"@context\":\"https:\/\/schema.org\",\"@graph\":[{\"@type\":\"WebPage\",\"@id\":\"https:\/\/betarq.com\/es\/estudio\/\",\"url\":\"https:\/\/betarq.com\/es\/estudio\/\",\"name\":\"Estudio - Betarq\",\"isPartOf\":{\"@id\":\"https:\/\/betarq.com\/es\/#website\"},\"datePublished\":\"2023-09-22T15:23:44+00:00\",\"dateModified\":\"2026-04-20T07:56:47+00:00\",\"breadcrumb\":{\"@id\":\"https:\/\/betarq.com\/es\/estudio\/#breadcrumb\"},\"inLanguage\":\"es\",\"potentialAction\":[{\"@type\":\"ReadAction\",\"target\":[\"https:\/\/betarq.com\/es\/estudio\/\"]}]},{\"@type\":\"BreadcrumbList\",\"@id\":\"https:\/\/betarq.com\/es\/estudio\/#breadcrumb\",\"itemListElement\":[{\"@type\":\"ListItem\",\"position\":1,\"name\":\"Portada\",\"item\":\"https:\/\/betarq.com\/es\/\"},{\"@type\":\"ListItem\",\"position\":2,\"name\":\"Estudio\"}]},{\"@type\":\"WebSite\",\"@id\":\"https:\/\/betarq.com\/es\/#website\",\"url\":\"https:\/\/betarq.com\/es\/\",\"name\":\"Betarq\",\"description\":\"\",\"publisher\":{\"@id\":\"https:\/\/betarq.com\/es\/#organization\"},\"potentialAction\":[{\"@type\":\"SearchAction\",\"target\":{\"@type\":\"EntryPoint\",\"urlTemplate\":\"https:\/\/betarq.com\/es\/?s={search_term_string}\"},\"query-input\":{\"@type\":\"PropertyValueSpecification\",\"valueRequired\":true,\"valueName\":\"search_term_string\"}}],\"inLanguage\":\"es\"},{\"@type\":\"Organization\",\"@id\":\"https:\/\/betarq.com\/es\/#organization\",\"name\":\"Betarq\",\"url\":\"https:\/\/betarq.com\/es\/\",\"logo\":{\"@type\":\"ImageObject\",\"inLanguage\":\"es\",\"@id\":\"https:\/\/betarq.com\/es\/#\/schema\/logo\/image\/\",\"url\":\"https:\/\/betarq.com\/wp-content\/uploads\/2023\/09\/logo-betarq.png\",\"contentUrl\":\"https:\/\/betarq.com\/wp-content\/uploads\/2023\/09\/logo-betarq.png\",\"width\":100,\"height\":75,\"caption\":\"Betarq\"},\"image\":{\"@id\":\"https:\/\/betarq.com\/es\/#\/schema\/logo\/image\/\"}}]}<\/script>\n<!-- \/ Yoast SEO plugin. -->","yoast_head_json":{"title":"Estudio - Betarq","robots":{"index":"index","follow":"follow","max-snippet":"max-snippet:-1","max-image-preview":"max-image-preview:large","max-video-preview":"max-video-preview:-1"},"canonical":"https:\/\/betarq.com\/es\/estudio\/","og_locale":"es_ES","og_type":"article","og_title":"Estudio - Betarq","og_description":"[vc_row el_class=\u00bbheaderimagen\u00bb css=\u00bb.vc_custom_1775646967640{background-image: url(https:\/\/betarq.com\/wp-content\/uploads\/2026\/04\/Image-73-nueva.png?id=5323) !important;background-position: center !important;background-repeat: no-repeat !important;background-size: cover !important;border-radius: 3px !important;}\u00bb][vc_column][vc_column_text css=\u00bb.vc_custom_1767011322675{margin-bottom: 15px !important;}\u00bb][\/vc_column_text][\/vc_column][\/vc_row][vc_row][vc_column][vc_column_text css=\u00bb.vc_custom_1771322228704{margin-bottom: 15px !important;}\u00bb]Filosof\u00eda[\/vc_column_text][vc_row_inner][vc_column_inner width=\u00bb1\/2&#8243;][vc_column_text css=\u00bb\u00bb] Betarq Group es un despacho de arquitectos y arquitectos t\u00e9cnicos con sede en Barcelona, fundado en 2005 por Julio L\u00f3pez Fern\u00e1ndez, Ramon Cisa Segal\u00e9s y Sergi Barquet Pons. Est\u00e1 especializado en proyectos, direcciones de&hellip;","og_url":"https:\/\/betarq.com\/es\/estudio\/","og_site_name":"Betarq","article_modified_time":"2026-04-20T07:56:47+00:00","twitter_card":"summary_large_image","twitter_misc":{"Tiempo de lectura":"4 minutos"},"schema":{"@context":"https:\/\/schema.org","@graph":[{"@type":"WebPage","@id":"https:\/\/betarq.com\/es\/estudio\/","url":"https:\/\/betarq.com\/es\/estudio\/","name":"Estudio - Betarq","isPartOf":{"@id":"https:\/\/betarq.com\/es\/#website"},"datePublished":"2023-09-22T15:23:44+00:00","dateModified":"2026-04-20T07:56:47+00:00","breadcrumb":{"@id":"https:\/\/betarq.com\/es\/estudio\/#breadcrumb"},"inLanguage":"es","potentialAction":[{"@type":"ReadAction","target":["https:\/\/betarq.com\/es\/estudio\/"]}]},{"@type":"BreadcrumbList","@id":"https:\/\/betarq.com\/es\/estudio\/#breadcrumb","itemListElement":[{"@type":"ListItem","position":1,"name":"Portada","item":"https:\/\/betarq.com\/es\/"},{"@type":"ListItem","position":2,"name":"Estudio"}]},{"@type":"WebSite","@id":"https:\/\/betarq.com\/es\/#website","url":"https:\/\/betarq.com\/es\/","name":"Betarq","description":"","publisher":{"@id":"https:\/\/betarq.com\/es\/#organization"},"potentialAction":[{"@type":"SearchAction","target":{"@type":"EntryPoint","urlTemplate":"https:\/\/betarq.com\/es\/?s={search_term_string}"},"query-input":{"@type":"PropertyValueSpecification","valueRequired":true,"valueName":"search_term_string"}}],"inLanguage":"es"},{"@type":"Organization","@id":"https:\/\/betarq.com\/es\/#organization","name":"Betarq","url":"https:\/\/betarq.com\/es\/","logo":{"@type":"ImageObject","inLanguage":"es","@id":"https:\/\/betarq.com\/es\/#\/schema\/logo\/image\/","url":"https:\/\/betarq.com\/wp-content\/uploads\/2023\/09\/logo-betarq.png","contentUrl":"https:\/\/betarq.com\/wp-content\/uploads\/2023\/09\/logo-betarq.png","width":100,"height":75,"caption":"Betarq"},"image":{"@id":"https:\/\/betarq.com\/es\/#\/schema\/logo\/image\/"}}]}},"_links":{"self":[{"href":"https:\/\/betarq.com\/es\/wp-json\/wp\/v2\/pages\/979","targetHints":{"allow":["GET"]}}],"collection":[{"href":"https:\/\/betarq.com\/es\/wp-json\/wp\/v2\/pages"}],"about":[{"href":"https:\/\/betarq.com\/es\/wp-json\/wp\/v2\/types\/page"}],"author":[{"embeddable":true,"href":"https:\/\/betarq.com\/es\/wp-json\/wp\/v2\/users\/1"}],"replies":[{"embeddable":true,"href":"https:\/\/betarq.com\/es\/wp-json\/wp\/v2\/comments?post=979"}],"version-history":[{"count":39,"href":"https:\/\/betarq.com\/es\/wp-json\/wp\/v2\/pages\/979\/revisions"}],"predecessor-version":[{"id":5583,"href":"https:\/\/betarq.com\/es\/wp-json\/wp\/v2\/pages\/979\/revisions\/5583"}],"wp:attachment":[{"href":"https:\/\/betarq.com\/es\/wp-json\/wp\/v2\/media?parent=979"}],"curies":[{"name":"wp","href":"https:\/\/api.w.org\/{rel}","templated":true}]}}